{"id":4642,"date":"2024-05-03T12:21:50","date_gmt":"2024-05-03T15:21:50","guid":{"rendered":"https:\/\/isp4-sfe.infd.edu.ar\/sitio\/?page_id=4642"},"modified":"2026-03-12T23:17:39","modified_gmt":"2026-03-13T02:17:39","slug":"s-o-e-servicio-de-orientacion-educativa","status":"publish","type":"page","link":"https:\/\/isp4-sfe.infd.edu.ar\/sitio\/s-o-e-servicio-de-orientacion-educativa\/","title":{"rendered":""},"content":{"rendered":"\n<h2 class=\"wp-block-heading alignwide has-text-color\" style=\"color:#2f455b\">S.O.E. | Servicio de Orientaci\u00f3n Educativa<\/h2>\n\n\n\n<hr class=\"wp-block-separator alignfull has-text-color has-alpha-channel-opacity has-background\" style=\"background-color:#2f455b;color:#2f455b\"\/>\n\n\n\n<div class=\"wp-block-group alignfull has-background is-layout-flow\" style=\"background-color:#f2f0e9\"><div class=\"wp-block-group__inner-container\">\n<div class=\"wp-block-columns alignwide are-vertically-aligned-center is-layout-flex wp-container-3\">\n<div class=\"wp-block-column is-layout-flow\" style=\"flex-basis:50%\">\n<p class=\"has-text-color\" style=\"color:#000000;font-size:30px;line-height:1.1\"><strong><strong>HORARIOS PARA SOLICITAR ENTREVISTA <\/strong><\/strong><\/p>\n\n\n\n<p class=\"has-text-color\" style=\"color:#000000;font-size:30px;line-height:1.1\">Consultar en Mesa de Entrada<\/p>\n<\/div>\n\n\n\n<div class=\"wp-block-column is-layout-flow\" style=\"flex-basis:50%\">\n<hr class=\"wp-block-separator has-text-color has-css-opacity has-background is-style-wide\" style=\"background-color:#000000;color:#000000\"\/>\n\n\n\n<p><strong>LUNES<\/strong> de 10.40 a 12.00 h. y de 16.00 a 19.00 h.<\/p>\n\n\n\n<p><strong>MARTES:<\/strong> de 16.00 a 19.40 h.<\/p>\n\n\n\n<p><strong>MI\u00c9RCOLES<\/strong> de 18.40 a 21.30 h.<\/p>\n<\/div>\n<\/div>\n\n\n\n<div class=\"wp-block-columns alignwide is-layout-flex wp-container-7\">\n<div class=\"wp-block-column is-layout-flow\">\n<figure class=\"wp-block-embed is-type-video is-provider-youtube wp-block-embed-youtube wp-embed-aspect-16-9 wp-has-aspect-ratio\"><div class=\"wp-block-embed__wrapper\">\n<iframe loading=\"lazy\" title=\"SOE Servicio de Orientaci\u00f3n Educativa\" width=\"1200\" height=\"675\" src=\"https:\/\/www.youtube.com\/embed\/ysm-XoG5wCQ?feature=oembed\" frameborder=\"0\" allow=\"accelerometer; autoplay; clipboard-write; encrypted-media; gyroscope; picture-in-picture; web-share\" referrerpolicy=\"strict-origin-when-cross-origin\" allowfullscreen><\/iframe>\n<\/div><\/figure>\n<\/div>\n\n\n\n<div class=\"wp-block-column is-layout-flow\">\n<p>La tarea tiene como eje central el sostenimiento de las trayectorias considerando los v\u00ednculos que construyen los sujetos y las situaciones donde los mismos se ponen en juego.<br>Trabajamos en equipo con<\/p>\n\n\n\n<ul>\n<li>EQUIPO DIRECTIVO<\/li>\n\n\n\n<li>JEFATURAS DE SECCI\u00d3N<\/li>\n\n\n\n<li>DOCENTES<\/li>\n<\/ul>\n<\/div>\n\n\n\n<div class=\"wp-block-column is-layout-flow\">\n<p class=\"has-text-align-right\"><strong>SERVICIO DE ORIENTACI\u00d3N EDUCATIVA<\/strong><br><em>Psic. Claudia Rufanact<\/em><br><em>Lic. Candelaria Mazzucchi<\/em><\/p>\n<\/div>\n<\/div>\n<\/div><\/div>\n\n\n\n<h2 class=\"wp-block-heading has-text-color\" style=\"color:#003942\">2025<\/h2>\n\n\n\n<hr class=\"wp-block-separator alignfull has-text-color has-alpha-channel-opacity has-background\" style=\"background-color:#2f455b;color:#2f455b\"\/>\n\n\n\n<h2 class=\"wp-block-heading has-text-align-center\">Talleres | <strong><strong>Estudiar en el Nive<\/strong><\/strong>l <strong>Superior<\/strong><\/h2>\n\n\n\n<p class=\"has-text-align-center\">Se han realizado varios talleres. Los mismos son dirigidos a estudiantes de 1er a\u00f1o de todas las carreras del Instituto. <br><em>Coordina la Lic. Candelaria Mazzucchi<\/em><\/p>\n\n\n\n<figure class=\"wp-block-image size-full\"><img decoding=\"async\" loading=\"lazy\" width=\"1080\" height=\"1080\" src=\"https:\/\/isp4-sfe.infd.edu.ar\/sitio\/wp-content\/uploads\/2025\/05\/SOE-1.png\" alt=\"\" class=\"wp-image-5141\" srcset=\"https:\/\/isp4-sfe.infd.edu.ar\/sitio\/wp-content\/uploads\/2025\/05\/SOE-1.png 1080w, https:\/\/isp4-sfe.infd.edu.ar\/sitio\/wp-content\/uploads\/2025\/05\/SOE-1-1000x1000.png 1000w, https:\/\/isp4-sfe.infd.edu.ar\/sitio\/wp-content\/uploads\/2025\/05\/SOE-1-500x500.png 500w, https:\/\/isp4-sfe.infd.edu.ar\/sitio\/wp-content\/uploads\/2025\/05\/SOE-1-768x768.png 768w\" sizes=\"(max-width: 1080px) 100vw, 1080px\" \/><\/figure>\n\n\n\n<h2 class=\"wp-block-heading has-text-color\" style=\"color:#003942\">2024<\/h2>\n\n\n\n<hr class=\"wp-block-separator alignfull has-text-color has-alpha-channel-opacity has-background\" style=\"background-color:#003942;color:#003942\"\/>\n\n\n\n<h2 class=\"wp-block-heading has-text-align-center\"><strong><strong><strong>Reuni<\/strong><\/strong><\/strong>ones<\/h2>\n\n\n\n<p class=\"has-text-align-center\"><strong><strong>Equipo de Docentes Orientadores<\/strong><\/strong><\/p>\n\n\n\n<p class=\"has-text-align-center\">Se trabaja durante todo el a\u00f1o para luego compartir experiencias y as\u00ed, mejorar nuestras pr\u00e1cticas. <br>Aqu\u00ed ver\u00e1n algunas de las reuniones realizadas.<\/p>\n\n\n\n<hr class=\"wp-block-separator has-alpha-channel-opacity\"\/>\n\n\n\n<div class=\"wp-block-columns has-base-background-color has-background is-layout-flex wp-container-12\">\n<div class=\"wp-block-column is-layout-flow\">\n<figure class=\"wp-block-image size-full\"><img decoding=\"async\" loading=\"lazy\" width=\"1280\" height=\"960\" src=\"https:\/\/isp4-sfe.infd.edu.ar\/sitio\/wp-content\/uploads\/2025\/07\/WhatsApp-Image-2024-04-29-at-16.52.32-edited.jpeg\" alt=\"\" class=\"wp-image-5338\" srcset=\"https:\/\/isp4-sfe.infd.edu.ar\/sitio\/wp-content\/uploads\/2025\/07\/WhatsApp-Image-2024-04-29-at-16.52.32-edited.jpeg 1280w, https:\/\/isp4-sfe.infd.edu.ar\/sitio\/wp-content\/uploads\/2025\/07\/WhatsApp-Image-2024-04-29-at-16.52.32-edited-1000x750.jpeg 1000w, https:\/\/isp4-sfe.infd.edu.ar\/sitio\/wp-content\/uploads\/2025\/07\/WhatsApp-Image-2024-04-29-at-16.52.32-edited-768x576.jpeg 768w\" sizes=\"(max-width: 1280px) 100vw, 1280px\" \/><figcaption class=\"wp-element-caption\">Primer Reuni\u00f3n<\/figcaption><\/figure>\n<\/div>\n\n\n\n<div class=\"wp-block-column is-layout-flow\">\n<figure class=\"wp-block-image size-full is-resized\"><img decoding=\"async\" loading=\"lazy\" src=\"https:\/\/isp4-sfe.infd.edu.ar\/sitio\/wp-content\/uploads\/2025\/07\/WhatsApp-Image-2024-06-10-at-19.39.46-1-edited.jpeg\" alt=\"\" class=\"wp-image-5339\" width=\"290\" height=\"162\" srcset=\"https:\/\/isp4-sfe.infd.edu.ar\/sitio\/wp-content\/uploads\/2025\/07\/WhatsApp-Image-2024-06-10-at-19.39.46-1-edited.jpeg 1280w, https:\/\/isp4-sfe.infd.edu.ar\/sitio\/wp-content\/uploads\/2025\/07\/WhatsApp-Image-2024-06-10-at-19.39.46-1-edited-1000x563.jpeg 1000w, https:\/\/isp4-sfe.infd.edu.ar\/sitio\/wp-content\/uploads\/2025\/07\/WhatsApp-Image-2024-06-10-at-19.39.46-1-edited-768x432.jpeg 768w\" sizes=\"(max-width: 290px) 100vw, 290px\" \/><figcaption class=\"wp-element-caption\">Segunda Reuni\u00f3n<\/figcaption><\/figure>\n<\/div>\n\n\n\n<div class=\"wp-block-column is-layout-flow\">\n<figure class=\"wp-block-image size-full is-resized\"><img decoding=\"async\" loading=\"lazy\" src=\"https:\/\/isp4-sfe.infd.edu.ar\/sitio\/wp-content\/uploads\/2024\/11\/WhatsApp-Image-2024-11-05-at-16.05.37.jpeg\" alt=\"\" class=\"wp-image-4897\" width=\"290\" height=\"147\" srcset=\"https:\/\/isp4-sfe.infd.edu.ar\/sitio\/wp-content\/uploads\/2024\/11\/WhatsApp-Image-2024-11-05-at-16.05.37.jpeg 1599w, https:\/\/isp4-sfe.infd.edu.ar\/sitio\/wp-content\/uploads\/2024\/11\/WhatsApp-Image-2024-11-05-at-16.05.37-1000x508.jpeg 1000w, https:\/\/isp4-sfe.infd.edu.ar\/sitio\/wp-content\/uploads\/2024\/11\/WhatsApp-Image-2024-11-05-at-16.05.37-768x390.jpeg 768w, https:\/\/isp4-sfe.infd.edu.ar\/sitio\/wp-content\/uploads\/2024\/11\/WhatsApp-Image-2024-11-05-at-16.05.37-1536x781.jpeg 1536w\" sizes=\"(max-width: 290px) 100vw, 290px\" \/><figcaption class=\"wp-element-caption\">\u00daltima Reuni\u00f3n del a\u00f1o<\/figcaption><\/figure>\n<\/div>\n<\/div>\n\n\n\n<h2 class=\"wp-block-heading has-text-align-center\">Talleres<\/h2>\n\n\n\n<p class=\"has-text-align-center has-normal-font-size\"><strong>Miedo a los ex\u00e1menes y T\u00e9cnicas de estudio<\/strong><\/p>\n\n\n\n<hr class=\"wp-block-separator has-alpha-channel-opacity\"\/>\n\n\n\n<div class=\"wp-block-columns is-layout-flex wp-container-15\">\n<div class=\"wp-block-column is-layout-flow\">\n<figure class=\"wp-block-image size-full\"><img decoding=\"async\" loading=\"lazy\" width=\"1080\" height=\"1080\" src=\"https:\/\/isp4-sfe.infd.edu.ar\/sitio\/wp-content\/uploads\/2024\/06\/Post-de-SOE.png\" alt=\"\" class=\"wp-image-4753\" srcset=\"https:\/\/isp4-sfe.infd.edu.ar\/sitio\/wp-content\/uploads\/2024\/06\/Post-de-SOE.png 1080w, https:\/\/isp4-sfe.infd.edu.ar\/sitio\/wp-content\/uploads\/2024\/06\/Post-de-SOE-1000x1000.png 1000w, https:\/\/isp4-sfe.infd.edu.ar\/sitio\/wp-content\/uploads\/2024\/06\/Post-de-SOE-500x500.png 500w, https:\/\/isp4-sfe.infd.edu.ar\/sitio\/wp-content\/uploads\/2024\/06\/Post-de-SOE-768x768.png 768w\" sizes=\"(max-width: 1080px) 100vw, 1080px\" \/><\/figure>\n<\/div>\n\n\n\n<div class=\"wp-block-column is-layout-flow\">\n<figure class=\"wp-block-image size-full\"><img decoding=\"async\" loading=\"lazy\" width=\"1080\" height=\"1080\" src=\"https:\/\/isp4-sfe.infd.edu.ar\/sitio\/wp-content\/uploads\/2024\/05\/Post-de-SOE.png\" alt=\"\" class=\"wp-image-4649\" srcset=\"https:\/\/isp4-sfe.infd.edu.ar\/sitio\/wp-content\/uploads\/2024\/05\/Post-de-SOE.png 1080w, https:\/\/isp4-sfe.infd.edu.ar\/sitio\/wp-content\/uploads\/2024\/05\/Post-de-SOE-1000x1000.png 1000w, https:\/\/isp4-sfe.infd.edu.ar\/sitio\/wp-content\/uploads\/2024\/05\/Post-de-SOE-500x500.png 500w, https:\/\/isp4-sfe.infd.edu.ar\/sitio\/wp-content\/uploads\/2024\/05\/Post-de-SOE-768x768.png 768w\" sizes=\"(max-width: 1080px) 100vw, 1080px\" \/><\/figure>\n<\/div>\n<\/div>\n\n\n\n<div class=\"wp-block-columns are-vertically-aligned-center is-layout-flex wp-container-18\">\n<div class=\"wp-block-column is-vertically-aligned-center is-layout-flow\" style=\"flex-basis:33.33%\">\n<h2 class=\"wp-block-heading\">Charla | Taller<\/h2>\n\n\n\n<p><strong>Inclusi\u00f3n Educativa<\/strong><\/p>\n\n\n\n<hr class=\"wp-block-separator has-alpha-channel-opacity\"\/>\n\n\n\n<p>Disertantes: Equipo Interdisciplinario, directivos y docentes de la Escuela Especial N\u00b01248 \u00abHogar de la Esperanza\u00bb<\/p>\n\n\n\n<figure class=\"wp-block-image size-full\"><img decoding=\"async\" loading=\"lazy\" width=\"1080\" height=\"1080\" src=\"https:\/\/isp4-sfe.infd.edu.ar\/sitio\/wp-content\/uploads\/2024\/10\/Post-de-SOE-1.png\" alt=\"\" class=\"wp-image-4863\" srcset=\"https:\/\/isp4-sfe.infd.edu.ar\/sitio\/wp-content\/uploads\/2024\/10\/Post-de-SOE-1.png 1080w, https:\/\/isp4-sfe.infd.edu.ar\/sitio\/wp-content\/uploads\/2024\/10\/Post-de-SOE-1-1000x1000.png 1000w, https:\/\/isp4-sfe.infd.edu.ar\/sitio\/wp-content\/uploads\/2024\/10\/Post-de-SOE-1-500x500.png 500w, https:\/\/isp4-sfe.infd.edu.ar\/sitio\/wp-content\/uploads\/2024\/10\/Post-de-SOE-1-768x768.png 768w\" sizes=\"(max-width: 1080px) 100vw, 1080px\" \/><\/figure>\n<\/div>\n\n\n\n<div class=\"wp-block-column is-vertically-aligned-top is-layout-flow\" style=\"flex-basis:66.66%\">\n<h2 class=\"wp-block-heading\">Taller sobre Ansiedad<\/h2>\n\n\n\n<p>Destinado a alumnos de Educaci\u00f3n F\u00edsica<\/p>\n\n\n\n<hr class=\"wp-block-separator has-alpha-channel-opacity\"\/>\n\n\n\n<figure class=\"wp-block-image size-full is-resized\"><img decoding=\"async\" loading=\"lazy\" src=\"https:\/\/isp4-sfe.infd.edu.ar\/sitio\/wp-content\/uploads\/2024\/06\/WhatsApp-Image-2024-06-10-at-19.40.42.jpeg\" alt=\"\" class=\"wp-image-4756\" width=\"660\" height=\"433\" srcset=\"https:\/\/isp4-sfe.infd.edu.ar\/sitio\/wp-content\/uploads\/2024\/06\/WhatsApp-Image-2024-06-10-at-19.40.42.jpeg 1599w, https:\/\/isp4-sfe.infd.edu.ar\/sitio\/wp-content\/uploads\/2024\/06\/WhatsApp-Image-2024-06-10-at-19.40.42-1000x656.jpeg 1000w, https:\/\/isp4-sfe.infd.edu.ar\/sitio\/wp-content\/uploads\/2024\/06\/WhatsApp-Image-2024-06-10-at-19.40.42-768x504.jpeg 768w, https:\/\/isp4-sfe.infd.edu.ar\/sitio\/wp-content\/uploads\/2024\/06\/WhatsApp-Image-2024-06-10-at-19.40.42-1536x1008.jpeg 1536w\" sizes=\"(max-width: 660px) 100vw, 660px\" \/><\/figure>\n<\/div>\n<\/div>\n\n\n\n<h2 class=\"wp-block-heading has-text-color\" style=\"color:#003942\">2023<\/h2>\n\n\n\n<hr class=\"wp-block-separator alignfull has-text-color has-alpha-channel-opacity has-background\" style=\"background-color:#003942;color:#003942\"\/>\n\n\n\n<div class=\"wp-block-columns alignwide is-layout-flex wp-container-22\">\n<div class=\"wp-block-column has-base-3-background-color has-background is-layout-flow\">\n<h2 class=\"wp-block-heading has-text-align-center\"><strong>Talle<\/strong>r<\/h2>\n\n\n\n<p class=\"has-text-align-center\"><strong>Marco del acompa\u00f1amiento a las trayectorias de ingresantes<\/strong><\/p>\n\n\n\n<hr class=\"wp-block-separator has-alpha-channel-opacity\"\/>\n\n\n\n<figure class=\"wp-block-image size-full\"><img decoding=\"async\" loading=\"lazy\" width=\"1080\" height=\"1080\" src=\"https:\/\/isp4-sfe.infd.edu.ar\/sitio\/wp-content\/uploads\/2024\/05\/Post-de-SOE-2.png\" alt=\"\" class=\"wp-image-4651\" srcset=\"https:\/\/isp4-sfe.infd.edu.ar\/sitio\/wp-content\/uploads\/2024\/05\/Post-de-SOE-2.png 1080w, https:\/\/isp4-sfe.infd.edu.ar\/sitio\/wp-content\/uploads\/2024\/05\/Post-de-SOE-2-1000x1000.png 1000w, https:\/\/isp4-sfe.infd.edu.ar\/sitio\/wp-content\/uploads\/2024\/05\/Post-de-SOE-2-500x500.png 500w, https:\/\/isp4-sfe.infd.edu.ar\/sitio\/wp-content\/uploads\/2024\/05\/Post-de-SOE-2-768x768.png 768w\" sizes=\"(max-width: 1080px) 100vw, 1080px\" \/><\/figure>\n<\/div>\n\n\n\n<div class=\"wp-block-column is-layout-flow\">\n<h2 class=\"wp-block-heading has-text-align-center\"><strong>Feria de carreras<\/strong><\/h2>\n\n\n\n<p class=\"has-text-align-center\"><strong><strong>Caminos que se abren<\/strong><\/strong><br><em>Charla<\/em><br><\/p>\n\n\n\n<hr class=\"wp-block-separator has-alpha-channel-opacity\"\/>\n\n\n\n<figure class=\"wp-block-image size-full\"><img decoding=\"async\" loading=\"lazy\" width=\"1080\" height=\"1080\" src=\"https:\/\/isp4-sfe.infd.edu.ar\/sitio\/wp-content\/uploads\/2024\/05\/Post-de-SOE-1.png\" alt=\"\" class=\"wp-image-4650\" srcset=\"https:\/\/isp4-sfe.infd.edu.ar\/sitio\/wp-content\/uploads\/2024\/05\/Post-de-SOE-1.png 1080w, https:\/\/isp4-sfe.infd.edu.ar\/sitio\/wp-content\/uploads\/2024\/05\/Post-de-SOE-1-1000x1000.png 1000w, https:\/\/isp4-sfe.infd.edu.ar\/sitio\/wp-content\/uploads\/2024\/05\/Post-de-SOE-1-500x500.png 500w, https:\/\/isp4-sfe.infd.edu.ar\/sitio\/wp-content\/uploads\/2024\/05\/Post-de-SOE-1-768x768.png 768w\" sizes=\"(max-width: 1080px) 100vw, 1080px\" \/><\/figure>\n<\/div>\n\n\n\n<div class=\"wp-block-column is-layout-flow\">\n<h2 class=\"wp-block-heading has-text-align-center\"><strong>Feria del libro<\/strong><\/h2>\n\n\n\n<p class=\"has-text-align-center\"><strong>Gente del Agua<\/strong><br><em>Charla<\/em><br><\/p>\n\n\n\n<hr class=\"wp-block-separator has-alpha-channel-opacity\"\/>\n\n\n\n<figure class=\"wp-block-video\"><video controls src=\"https:\/\/isp4-sfe.infd.edu.ar\/sitio\/wp-content\/uploads\/2022\/07\/Feria-del-libro-soe.mp4\"><\/video><\/figure>\n<\/div>\n<\/div>\n\n\n\n<h2 class=\"wp-block-heading has-text-color\" style=\"color:#003942\">2022<\/h2>\n\n\n\n<hr class=\"wp-block-separator has-text-color has-alpha-channel-opacity has-background\" style=\"background-color:#003942;color:#003942\"\/>\n\n\n\n<div class=\"wp-block-columns alignwide is-layout-flex wp-container-26\">\n<div class=\"wp-block-column has-base-3-background-color has-background is-layout-flow\">\n<h2 class=\"wp-block-heading has-text-align-center\">Primer Reuni\u00f3n<\/h2>\n\n\n\n<p class=\"has-text-align-center\"><strong>Docentes Orientadores de los<\/strong><br><strong>primeros a\u00f1os<\/strong><\/p>\n\n\n\n<hr class=\"wp-block-separator has-alpha-channel-opacity\"\/>\n\n\n\n<figure class=\"wp-block-image size-full\"><img decoding=\"async\" loading=\"lazy\" width=\"1080\" height=\"1080\" src=\"https:\/\/isp4-sfe.infd.edu.ar\/sitio\/wp-content\/uploads\/2024\/05\/Post-de-SOE-3.png\" alt=\"\" class=\"wp-image-4652\" srcset=\"https:\/\/isp4-sfe.infd.edu.ar\/sitio\/wp-content\/uploads\/2024\/05\/Post-de-SOE-3.png 1080w, https:\/\/isp4-sfe.infd.edu.ar\/sitio\/wp-content\/uploads\/2024\/05\/Post-de-SOE-3-1000x1000.png 1000w, https:\/\/isp4-sfe.infd.edu.ar\/sitio\/wp-content\/uploads\/2024\/05\/Post-de-SOE-3-500x500.png 500w, https:\/\/isp4-sfe.infd.edu.ar\/sitio\/wp-content\/uploads\/2024\/05\/Post-de-SOE-3-768x768.png 768w\" sizes=\"(max-width: 1080px) 100vw, 1080px\" \/><\/figure>\n<\/div>\n\n\n\n<div class=\"wp-block-column has-base-3-background-color has-background is-layout-flow\">\n<h2 class=\"wp-block-heading has-text-align-center\"><strong>Talle<\/strong>r<\/h2>\n\n\n\n<p class=\"has-text-align-center\"><strong>Orientaci\u00f3n Vocacional con los 5tos. a\u00f1os del Colegio San Jos\u00e9<\/strong><\/p>\n\n\n\n<hr class=\"wp-block-separator has-alpha-channel-opacity\"\/>\n\n\n\n<figure class=\"wp-block-image size-full\"><img decoding=\"async\" loading=\"lazy\" width=\"1080\" height=\"1080\" src=\"https:\/\/isp4-sfe.infd.edu.ar\/sitio\/wp-content\/uploads\/2024\/05\/Post-de-SOE-4.png\" alt=\"\" class=\"wp-image-4653\" srcset=\"https:\/\/isp4-sfe.infd.edu.ar\/sitio\/wp-content\/uploads\/2024\/05\/Post-de-SOE-4.png 1080w, https:\/\/isp4-sfe.infd.edu.ar\/sitio\/wp-content\/uploads\/2024\/05\/Post-de-SOE-4-1000x1000.png 1000w, https:\/\/isp4-sfe.infd.edu.ar\/sitio\/wp-content\/uploads\/2024\/05\/Post-de-SOE-4-500x500.png 500w, https:\/\/isp4-sfe.infd.edu.ar\/sitio\/wp-content\/uploads\/2024\/05\/Post-de-SOE-4-768x768.png 768w\" sizes=\"(max-width: 1080px) 100vw, 1080px\" \/><\/figure>\n<\/div>\n\n\n\n<div class=\"wp-block-column has-base-3-background-color has-background is-layout-flow\">\n<h2 class=\"wp-block-heading has-text-align-center\"><strong>Trabaj<\/strong>o<\/h2>\n\n\n\n<p class=\"has-text-align-center\"><strong>Protocolo de vulneraci\u00f3n de derechos y ESI. Cuarto a\u00f1o de Cs. de la Educaci\u00f3n<\/strong><\/p>\n\n\n\n<hr class=\"wp-block-separator has-alpha-channel-opacity\"\/>\n\n\n\n<figure class=\"wp-block-image size-full\"><img decoding=\"async\" loading=\"lazy\" width=\"1080\" height=\"1080\" src=\"https:\/\/isp4-sfe.infd.edu.ar\/sitio\/wp-content\/uploads\/2024\/05\/Post-de-SOE-5.png\" alt=\"\" class=\"wp-image-4654\" srcset=\"https:\/\/isp4-sfe.infd.edu.ar\/sitio\/wp-content\/uploads\/2024\/05\/Post-de-SOE-5.png 1080w, https:\/\/isp4-sfe.infd.edu.ar\/sitio\/wp-content\/uploads\/2024\/05\/Post-de-SOE-5-1000x1000.png 1000w, https:\/\/isp4-sfe.infd.edu.ar\/sitio\/wp-content\/uploads\/2024\/05\/Post-de-SOE-5-500x500.png 500w, https:\/\/isp4-sfe.infd.edu.ar\/sitio\/wp-content\/uploads\/2024\/05\/Post-de-SOE-5-768x768.png 768w\" sizes=\"(max-width: 1080px) 100vw, 1080px\" \/><\/figure>\n<\/div>\n<\/div>\n\n\n\n<div class=\"wp-block-columns are-vertically-aligned-center is-layout-flex wp-container-28\">\n<div class=\"wp-block-column is-vertically-aligned-center is-layout-flow\">\n<figure class=\"wp-block-image alignfull size-full\"><img decoding=\"async\" loading=\"lazy\" width=\"1591\" height=\"1125\" src=\"https:\/\/isp4-sfe.infd.edu.ar\/sitio\/wp-content\/uploads\/2020\/04\/Imagen1-3.jpg\" alt=\"\" class=\"wp-image-1482\" srcset=\"https:\/\/isp4-sfe.infd.edu.ar\/sitio\/wp-content\/uploads\/2020\/04\/Imagen1-3.jpg 1591w, https:\/\/isp4-sfe.infd.edu.ar\/sitio\/wp-content\/uploads\/2020\/04\/Imagen1-3-1000x707.jpg 1000w, https:\/\/isp4-sfe.infd.edu.ar\/sitio\/wp-content\/uploads\/2020\/04\/Imagen1-3-768x543.jpg 768w\" sizes=\"(max-width: 1591px) 100vw, 1591px\" \/><\/figure>\n<\/div>\n<\/div>\n","protected":false},"excerpt":{"rendered":"<p>S.O.E. | Servicio de Orientaci\u00f3n Educativa HORARIOS PARA SOLICITAR ENTREVISTA Consultar en Mesa de Entrada LUNES de 10.40 a 12.00 h. y de 16.00 a 19.00 h. MARTES: de 16.00 a 19.40 h. MI\u00c9RCOLES de 18.40 a 21.30 h. La tarea tiene como eje central el sostenimiento de las trayectorias considerando los v\u00ednculos que construyen &#8230; <a title=\"\" class=\"read-more\" href=\"https:\/\/isp4-sfe.infd.edu.ar\/sitio\/s-o-e-servicio-de-orientacion-educativa\/\" aria-label=\"More on \">[+]<\/a><\/p>\n","protected":false},"author":1921,"featured_media":0,"parent":0,"menu_order":0,"comment_status":"closed","ping_status":"closed","template":"","meta":[],"acf":[],"_links":{"self":[{"href":"https:\/\/isp4-sfe.infd.edu.ar\/sitio\/wp-json\/wp\/v2\/pages\/4642"}],"collection":[{"href":"https:\/\/isp4-sfe.infd.edu.ar\/sitio\/wp-json\/wp\/v2\/pages"}],"about":[{"href":"https:\/\/isp4-sfe.infd.edu.ar\/sitio\/wp-json\/wp\/v2\/types\/page"}],"author":[{"embeddable":true,"href":"https:\/\/isp4-sfe.infd.edu.ar\/sitio\/wp-json\/wp\/v2\/users\/1921"}],"replies":[{"embeddable":true,"href":"https:\/\/isp4-sfe.infd.edu.ar\/sitio\/wp-json\/wp\/v2\/comments?post=4642"}],"version-history":[{"count":27,"href":"https:\/\/isp4-sfe.infd.edu.ar\/sitio\/wp-json\/wp\/v2\/pages\/4642\/revisions"}],"predecessor-version":[{"id":5840,"href":"https:\/\/isp4-sfe.infd.edu.ar\/sitio\/wp-json\/wp\/v2\/pages\/4642\/revisions\/5840"}],"wp:attachment":[{"href":"https:\/\/isp4-sfe.infd.edu.ar\/sitio\/wp-json\/wp\/v2\/media?parent=4642"}],"curies":[{"name":"wp","href":"https:\/\/api.w.org\/{rel}","templated":true}]}}