{"id":3523,"date":"2022-06-18T23:22:10","date_gmt":"2022-06-19T02:22:10","guid":{"rendered":"https:\/\/isp4-sfe.infd.edu.ar\/sitio\/?page_id=3523"},"modified":"2023-08-07T17:38:17","modified_gmt":"2023-08-07T20:38:17","slug":"organizacion-de-las-comunicaciones","status":"publish","type":"page","link":"https:\/\/isp4-sfe.infd.edu.ar\/sitio\/organizacion-de-las-comunicaciones\/","title":{"rendered":"ORGANIZACI\u00d3N DE LAS COMUNICACIONES"},"content":{"rendered":"\n<p><strong>D\u00d3NDE PREGUNTAR PARA OBTENER RESPUESTAS<\/strong><\/p>\n\n\n\n<p class=\"has-text-color\" style=\"color:#cf4601\"><strong>Siguiendo la v\u00eda jer\u00e1rquica en el Sistema Educativo es importante que utilicen las v\u00edas que correspondan en cada carrera y consulten asiduamente la p\u00e1gina web de la Instituci\u00f3n para conocer las calendarizaciones y novedades.&nbsp;<\/strong><\/p>\n\n\n\n<p class=\"has-text-color\" style=\"color:#cf4601\"><strong>El orden de comunicaciones y\/o tramitaciones: docentes, jefas\/es, prosecretaria\/o, regente. <\/strong><\/p>\n\n\n\n<p class=\"has-black-color has-text-color\">Esa es la v\u00eda jer\u00e1rquica, no obstante para las cuestiones pedag\u00f3gico acad\u00e9micas acudan a profesores y jefaturas, para las del orden administrativo los prosecretarios. Los regentes (directivos en cada carrera) si es que no reciben respuestas de los antes mencionados, o el tema es de su incumbencia,&nbsp;<\/p>\n\n\n\n<p><strong>-Profesores de c\u00e1tedra<\/strong>,&nbsp; comun\u00edquense con las\/los docentes; revisando el horario que est\u00e1 en la p\u00e1gina ver\u00e1n a cargo de quien est\u00e1 y en qu\u00e9 tiempo pueden contactarlos.&nbsp;<\/p>\n\n\n\n<p>&#8211;<strong>Jefas\/es de cada carrera, e<\/strong>n la p\u00e1gina tienen los contactos<\/p>\n\n\n\n<p><a href=\"https:\/\/isp4-sfe.infd.edu.ar\/sitio\/autoridades\/\">https:\/\/isp4-sfe.infd.edu.ar\/sitio\/autoridades\/<\/a><\/p>\n\n\n\n<p class=\"has-text-color\" style=\"color:#cf4601\"><strong>Para temas del orden organizativo\/ administrativo u otros<\/strong><\/p>\n\n\n\n<p>Para los tr\u00e1mites administrativos: los prosecretarios de cada carrera y si fuera de otra \u00edndole o para presentar alg\u00fan reclamo los Regentes\u00a0 de cada una de las\u00a0 carreras\u00a0<\/p>\n\n\n\n<p>-Administrativos: p<strong>rosecretarios <\/strong>de cada carrera <a href=\"https:\/\/isp4-sfe.infd.edu.ar\/sitio\/personal-administrativo\/\">https:\/\/isp4-sfe.infd.edu.ar\/sitio\/personal-administrativo\/<\/a>&nbsp;<\/p>\n\n\n\n<p>-Directivo: <strong>regentes <\/strong>de cada carrera&nbsp; <a href=\"https:\/\/isp4-sfe.infd.edu.ar\/sitio\/autoridades\/\">https:\/\/isp4-sfe.infd.edu.ar\/sitio\/autoridades\/<\/a><\/p>\n\n\n\n<p>Revisen que cada uno tiene un canal de comunicaci\u00f3n, si no obtienen respuesta acudan al siguiente; finalmente si nadie les responde por nota formal, comun\u00edquense con la Directora, detallando el motivo y el\u00a0 tr\u00e1mite que realizaron sin obtener respuestas.\u00a0<\/p>\n\n\n\n<p>El correo oficial de la Instituci\u00f3n que est\u00e1 en la p\u00e1gina es para recibir informaciones del Ministerio de Educaci\u00f3n u otras Instituciones, por lo que pedimos que <strong>NO nos escriban<\/strong> ah\u00ed sus preguntas particulares.&nbsp;<\/p>\n\n\n\n<p><em>Las etapas centrales de la agenda acad\u00e9mica tales como mesas especiales, u otras, se ir\u00e1n publicando en la p\u00e1gina en su momento.<\/em><\/p>\n","protected":false},"excerpt":{"rendered":"<p>D\u00d3NDE PREGUNTAR PARA OBTENER RESPUESTAS Siguiendo la v\u00eda jer\u00e1rquica en el Sistema Educativo es importante que utilicen las v\u00edas que correspondan en cada carrera y consulten asiduamente la p\u00e1gina web de la Instituci\u00f3n para conocer las calendarizaciones y novedades.&nbsp; El orden de comunicaciones y\/o tramitaciones: docentes, jefas\/es, prosecretaria\/o, regente. Esa es la v\u00eda jer\u00e1rquica, no &#8230; <a title=\"ORGANIZACI\u00d3N DE LAS COMUNICACIONES\" class=\"read-more\" href=\"https:\/\/isp4-sfe.infd.edu.ar\/sitio\/organizacion-de-las-comunicaciones\/\" aria-label=\"More on ORGANIZACI\u00d3N DE LAS COMUNICACIONES\">[+]<\/a><\/p>\n","protected":false},"author":1921,"featured_media":0,"parent":0,"menu_order":0,"comment_status":"closed","ping_status":"closed","template":"","meta":[],"acf":[],"_links":{"self":[{"href":"https:\/\/isp4-sfe.infd.edu.ar\/sitio\/wp-json\/wp\/v2\/pages\/3523"}],"collection":[{"href":"https:\/\/isp4-sfe.infd.edu.ar\/sitio\/wp-json\/wp\/v2\/pages"}],"about":[{"href":"https:\/\/isp4-sfe.infd.edu.ar\/sitio\/wp-json\/wp\/v2\/types\/page"}],"author":[{"embeddable":true,"href":"https:\/\/isp4-sfe.infd.edu.ar\/sitio\/wp-json\/wp\/v2\/users\/1921"}],"replies":[{"embeddable":true,"href":"https:\/\/isp4-sfe.infd.edu.ar\/sitio\/wp-json\/wp\/v2\/comments?post=3523"}],"version-history":[{"count":2,"href":"https:\/\/isp4-sfe.infd.edu.ar\/sitio\/wp-json\/wp\/v2\/pages\/3523\/revisions"}],"predecessor-version":[{"id":4305,"href":"https:\/\/isp4-sfe.infd.edu.ar\/sitio\/wp-json\/wp\/v2\/pages\/3523\/revisions\/4305"}],"wp:attachment":[{"href":"https:\/\/isp4-sfe.infd.edu.ar\/sitio\/wp-json\/wp\/v2\/media?parent=3523"}],"curies":[{"name":"wp","href":"https:\/\/api.w.org\/{rel}","templated":true}]}}