{"id":1379,"date":"2020-03-29T10:55:08","date_gmt":"2020-03-29T13:55:08","guid":{"rendered":"https:\/\/isp4-sfe.infd.edu.ar\/sitio\/?page_id=1379"},"modified":"2026-03-12T23:07:32","modified_gmt":"2026-03-13T02:07:32","slug":"personal-administrativo","status":"publish","type":"page","link":"https:\/\/isp4-sfe.infd.edu.ar\/sitio\/personal-administrativo\/","title":{"rendered":""},"content":{"rendered":"\n<h2 class=\"wp-block-heading has-text-color\" style=\"color:#2f455b\">Personal Administrativo<\/h2>\n\n\n\n<hr class=\"wp-block-separator alignfull has-text-color has-alpha-channel-opacity has-background is-style-wide\" style=\"background-color:#2f455b;color:#2f455b\"\/>\n\n\n\n<h5 class=\"wp-block-heading has-text-color\" style=\"color:#097e8f;text-transform:uppercase\"><span style=\"color: #0071a1;\"><strong><span class=\"has-inline-color has-black-color\">Secretaria General<\/span><\/strong><\/span><\/h5>\n\n\n\n<p>Liliana Su\u00e1rez | mail: <a href=\"mailto:secisp4ac@gmail.com\" target=\"_blank\" rel=\"noreferrer noopener\">secisp4ac@gmail.com<\/a><\/p>\n\n\n\n<p><span class=\"JsGRdQ\"><span style=\"text-decoration: underline;\">Horario de atenci\u00f3n<\/span>:&nbsp;<\/span><br><span class=\"JsGRdQ\">Lun a Vie de 14 a 20h<\/span><\/p>\n\n\n\n<hr class=\"wp-block-separator alignfull has-text-color has-alpha-channel-opacity has-background is-style-default\" style=\"background-color:#2f455b;color:#2f455b\"\/>\n\n\n\n<h5 class=\"wp-block-heading has-text-color\" style=\"color:#097e8f;text-transform:uppercase\"><strong><span class=\"has-inline-color has-black-color\">Prosecretarias\/os <\/span><\/strong><\/h5>\n\n\n\n<p>&#x27a1;Ma. Camila Ruggiero | mail: <a href=\"mailto:camila.prosecretariaisp4@gmail.com\" target=\"_blank\" rel=\"noreferrer noopener\">camila.prosecretariaisp4@gmail.com<\/a><\/p>\n\n\n\n<p><strong><span class=\"JsGRdQ\"><span style=\"color: #003942;\">\u00bb Prof. Administraci\u00f3n <\/span><\/span><\/strong><br><strong>\u00bb&nbsp;Prof. de Biolog\u00eda<\/strong><br><strong><span class=\"JsGRdQ\"><span style=\"color: #003942;\">\u00bb Tecnicatura en An\u00e1lisis Funcional de Sist. Inform\u00e1ticos<\/span><\/span><\/strong><br><span class=\"JsGRdQ\"><span style=\"text-decoration: underline;\">Horario de atenci\u00f3n<\/span>:&nbsp; <\/span><br><span class=\"JsGRdQ\">Lun a Vie de 17 a 23 h<\/span><\/p>\n\n\n\n<p>&#x27a1;Claudia Cussit | mail: <a href=\"mailto:prosecretariaispclaudia@gmail.com\" target=\"_blank\" rel=\"noreferrer noopener\">prosecretariaispclaudia@gmail.com<\/a><\/p>\n\n\n\n<p><strong><span class=\"JsGRdQ\" style=\"color: #003942;\"><span class=\"JsGRdQ\"><span style=\"color: #003942;\">\u00bb&nbsp;<\/span><\/span>Prof. de Geograf\u00eda<\/span><\/strong><br><strong><span class=\"JsGRdQ\" style=\"color: #003942;\"><span class=\"JsGRdQ\"><span style=\"color: #003942;\">\u00bb&nbsp;<\/span><\/span>Prof. de Historia<\/span><\/strong><br><span class=\"JsGRdQ\"><span style=\"text-decoration: underline;\">Horario de atenci\u00f3n<\/span>:&nbsp;<\/span><br><span class=\"JsGRdQ\">Lun a Vie de 13:15 a 19:15 h<\/span><\/p>\n\n\n\n<p>&#x27a1;Ail\u00e9n Solari | mail: <a href=\"mailto:ailen.r.solari@gmail.com\" target=\"_blank\" rel=\"noreferrer noopener\">ailen.r.solari@gmail.com<\/a><\/p>\n\n\n\n<p><strong><span class=\"JsGRdQ\" style=\"color: #003942;\"><span class=\"JsGRdQ\"><span style=\"color: #003942;\">\u00bb&nbsp;<\/span><\/span>Prof. Ciencias de la Educaci\u00f3n<\/span><\/strong><br><strong>\u00bb&nbsp;Prof. de F\u00edsica<\/strong><br><strong>\u00bb Tecnicatura en Gesti\u00f3n de las Organizacione<\/strong>s<br><strong>\u00bb Tecnicatura en Agronegocios<\/strong><br><span class=\"JsGRdQ\"><span style=\"text-decoration: underline;\">Horario de atenci\u00f3n<\/span>:&nbsp;<\/span><br><span class=\"JsGRdQ\">Lun a Vie de 07 a 13h<\/span><\/p>\n\n\n\n<p>&#x27a1;Andrea Miceli<\/p>\n\n\n\n<p><span style=\"color: #003942;\"><strong><span class=\"JsGRdQ\"><span class=\"JsGRdQ\" style=\"color: #003942;\">\u00bb&nbsp;<\/span>Prof. Educaci\u00f3n Inicial<\/span><\/strong><\/span><br><span class=\"JsGRdQ\"><span style=\"text-decoration: underline;\">Horario de atenci\u00f3n<\/span>:&nbsp;<\/span><br><span class=\"JsGRdQ\">Lun a Vie de 12 a 18h<\/span><br>cel. 3482453042<\/p>\n\n\n\n<p>&#x27a1;Nadia Muchut | mail: <a rel=\"noreferrer noopener\" href=\"mailto:primaria.isp4@gmail.com\" target=\"_blank\">primaria.isp4@gmail.com<\/a><\/p>\n\n\n\n<p><span style=\"color: #003942;\"><strong><span class=\"JsGRdQ\"><span class=\"JsGRdQ\" style=\"color: #003942;\">\u00bb&nbsp;<\/span>Prof. Educaci\u00f3n Primaria<\/span><\/strong><\/span><br><span class=\"JsGRdQ\"><span style=\"text-decoration: underline;\">Horario de atenci\u00f3n<\/span>:&nbsp;<\/span><br><span class=\"JsGRdQ\">Lun a Vie de 7 a 13 h<\/span><\/p>\n\n\n\n<p>&#x27a1;Sebasti\u00e1n Gobet<\/p>\n\n\n\n<p><span style=\"color: #003942;\"><strong><span class=\"JsGRdQ\"><span class=\"JsGRdQ\" style=\"color: #003942;\">\u00bb&nbsp;<\/span>Prof. Educaci\u00f3n F\u00edsica<\/span><\/strong><\/span><br><span class=\"JsGRdQ\"><span style=\"text-decoration: underline;\">Horario de atenci\u00f3n<\/span>:&nbsp;<\/span><br><span class=\"JsGRdQ\">Lun a Vie de 07.30 a 13 h<\/span><\/p>\n\n\n\n<p>&#x27a1;Margot&nbsp; Sinchez | mail: <a rel=\"noreferrer noopener\" href=\"mailto:alumnosisp4@gmail.com\" target=\"_blank\">alumnosisp4@gmail.com<\/a><\/p>\n\n\n\n<p><span style=\"color: #003942;\"><strong><span class=\"JsGRdQ\"><span class=\"JsGRdQ\" style=\"color: #003942;\">\u00bb&nbsp;<\/span>Prof. Lengua y Literatura<\/span><\/strong><\/span><br><span style=\"color: #003942;\"><strong><span class=\"JsGRdQ\"><span class=\"JsGRdQ\" style=\"color: #003942;\">\u00bb&nbsp;<\/span>Prof. Ingl\u00e9s<\/span><\/strong><\/span><br><span class=\"JsGRdQ\"><span style=\"text-decoration: underline;\">Horario de atenci\u00f3n<\/span>:&nbsp;<\/span><br><span class=\"JsGRdQ\">Lun a Vie de 12 a 18h<\/span><\/p>\n\n\n\n<p>&#x27a1;\u00c9rica Faccioli | mail: <a rel=\"noreferrer noopener\" href=\"mailto:ericafaccioli15@hotmail.com\" target=\"_blank\">ericafaccioli15@hotmail.com<\/a> <\/p>\n\n\n\n<p><span style=\"color: #003942;\"><strong><span class=\"JsGRdQ\"><span class=\"JsGRdQ\" style=\"color: #003942;\">\u00bb&nbsp;<\/span>Prof. Matem\u00e1tica<\/span><\/strong><\/span><br><span style=\"color: #003942;\"><strong><span class=\"JsGRdQ\"><span class=\"JsGRdQ\" style=\"color: #003942;\">\u00bb&nbsp;<\/span>Prof. Educaci\u00f3n Tecnol\u00f3gica<\/span><\/strong><\/span><br><span class=\"JsGRdQ\"><span style=\"text-decoration: underline;\">Horario de atenci\u00f3n<\/span>:&nbsp;<\/span><br><span class=\"JsGRdQ\">Lun a Vie de 17 a 23h<\/span><\/p>\n","protected":false},"excerpt":{"rendered":"<p>Personal Administrativo Secretaria General Liliana Su\u00e1rez | mail: secisp4ac@gmail.com Horario de atenci\u00f3n:&nbsp;Lun a Vie de 14 a 20h Prosecretarias\/os &#x27a1;Ma. Camila Ruggiero | mail: camila.prosecretariaisp4@gmail.com \u00bb Prof. Administraci\u00f3n \u00bb&nbsp;Prof. de Biolog\u00eda\u00bb Tecnicatura en An\u00e1lisis Funcional de Sist. Inform\u00e1ticosHorario de atenci\u00f3n:&nbsp; Lun a Vie de 17 a 23 h &#x27a1;Claudia Cussit | mail: prosecretariaispclaudia@gmail.com \u00bb&nbsp;Prof. de &#8230; <a title=\"\" class=\"read-more\" href=\"https:\/\/isp4-sfe.infd.edu.ar\/sitio\/personal-administrativo\/\" aria-label=\"More on \">[+]<\/a><\/p>\n","protected":false},"author":1921,"featured_media":0,"parent":0,"menu_order":0,"comment_status":"closed","ping_status":"closed","template":"","meta":[],"acf":[],"_links":{"self":[{"href":"https:\/\/isp4-sfe.infd.edu.ar\/sitio\/wp-json\/wp\/v2\/pages\/1379"}],"collection":[{"href":"https:\/\/isp4-sfe.infd.edu.ar\/sitio\/wp-json\/wp\/v2\/pages"}],"about":[{"href":"https:\/\/isp4-sfe.infd.edu.ar\/sitio\/wp-json\/wp\/v2\/types\/page"}],"author":[{"embeddable":true,"href":"https:\/\/isp4-sfe.infd.edu.ar\/sitio\/wp-json\/wp\/v2\/users\/1921"}],"replies":[{"embeddable":true,"href":"https:\/\/isp4-sfe.infd.edu.ar\/sitio\/wp-json\/wp\/v2\/comments?post=1379"}],"version-history":[{"count":102,"href":"https:\/\/isp4-sfe.infd.edu.ar\/sitio\/wp-json\/wp\/v2\/pages\/1379\/revisions"}],"predecessor-version":[{"id":5830,"href":"https:\/\/isp4-sfe.infd.edu.ar\/sitio\/wp-json\/wp\/v2\/pages\/1379\/revisions\/5830"}],"wp:attachment":[{"href":"https:\/\/isp4-sfe.infd.edu.ar\/sitio\/wp-json\/wp\/v2\/media?parent=1379"}],"curies":[{"name":"wp","href":"https:\/\/api.w.org\/{rel}","templated":true}]}}